{"id":48,"date":"2026-01-31T19:20:38","date_gmt":"2026-01-31T18:20:38","guid":{"rendered":"https:\/\/mmalik.timanzeldigital.com\/malik-test\/?page_id=48"},"modified":"2026-03-11T14:44:08","modified_gmt":"2026-03-11T13:44:08","slug":"mecenat","status":"publish","type":"page","link":"https:\/\/mmalik.timanzeldigital.com\/malik-test\/index.php\/mecenat\/","title":{"rendered":"M\u00e9c\u00e9nat"},"content":{"rendered":"\t\t<div data-elementor-type=\"wp-page\" data-elementor-id=\"48\" class=\"elementor elementor-48\">\n\t\t\t\t<div class=\"elementor-element elementor-element-a520e46 e-flex e-con-boxed e-con e-parent\" data-id=\"a520e46\" data-element_type=\"container\" data-e-type=\"container\">\n\t\t\t\t\t<div class=\"e-con-inner\">\n\t\t\t\t<div class=\"elementor-element elementor-element-0527381 elementor-widget elementor-widget-heading\" data-id=\"0527381\" data-element_type=\"widget\" data-e-type=\"widget\" data-widget_type=\"heading.default\">\n\t\t\t\t\t<h2 class=\"elementor-heading-title elementor-size-default\">Soutenir le projet \u2014 M\u00e9c\u00e9nat<\/h2>\t\t\t\t<\/div>\n\t\t\t\t<div class=\"elementor-element elementor-element-6502ca1 elementor-widget elementor-widget-text-editor\" data-id=\"6502ca1\" data-element_type=\"widget\" data-e-type=\"widget\" data-widget_type=\"text-editor.default\">\n\t\t\t\t\t\t\t\t\t<h3><b style=\"font-size: 35px; font-variant-ligatures: inherit; font-variant-caps: inherit;\">Pourquoi soutenir ce projet ?<\/b><\/h3><p class=\"p1\">Ce projet artistique et p\u00e9dagogique s\u2019inscrit dans une d\u00e9marche de <span class=\"s1\"><b>cr\u00e9ation, de recherche et de transmission<\/b><\/span>.<\/p><p class=\"p1\">Il vise \u00e0 partager des r\u00e9flexions, des \u0153uvres et des outils autour de la cr\u00e9ation musicale, de l\u2019improvisation et du processus artistique.<\/p><p class=\"p1\">Votre soutien permet notamment de :<\/p><ul><li><p class=\"p1\">financer le temps de recherche et d\u2019\u00e9criture<\/p><\/li><li><p class=\"p1\">produire des contenus p\u00e9dagogiques et artistiques<\/p><\/li><li><p class=\"p1\">documenter les processus de cr\u00e9ation<\/p><\/li><li><p class=\"p1\">rendre accessibles ces ressources au plus grand nombre<\/p><\/li><\/ul><p class=\"p1\">Le m\u00e9c\u00e9nat permet ainsi \u00e0 ce travail de <span class=\"s1\"><b>se d\u00e9velopper en toute ind\u00e9pendance<\/b><\/span>, tout en restant ouvert au public.<\/p><h3><b>Qu\u2019est-ce que le m\u00e9c\u00e9nat ?<\/b><\/h3><p class=\"p1\">Le m\u00e9c\u00e9nat correspond \u00e0 <span class=\"s1\"><b>un don volontaire<\/b><\/span>, effectu\u00e9 <span class=\"s1\"><b>sans contrepartie commerciale directe<\/b><\/span>, pour soutenir une activit\u00e9 d\u2019int\u00e9r\u00eat g\u00e9n\u00e9ral.<\/p><p class=\"p1\">Conform\u00e9ment \u00e0 la l\u00e9gislation fran\u00e7aise :<\/p><ul><li><p class=\"p1\">les dons peuvent \u00eatre effectu\u00e9s par <span class=\"s1\"><b>des particuliers ou des entreprises<\/b><b><\/b><\/span><\/p><\/li><li><p class=\"p1\">ils peuvent ouvrir droit \u00e0 <span class=\"s1\"><b>une r\u00e9duction fiscale<\/b><\/span> selon les conditions pr\u00e9vues par la loi<\/p><\/li><li><p class=\"p1\">un <span class=\"s1\"><b>re\u00e7u fiscal<\/b><\/span> peut \u00eatre d\u00e9livr\u00e9 lorsque la structure b\u00e9n\u00e9ficiaire y est \u00e9ligible<\/p><\/li><\/ul><p class=\"p1\">R\u00e9f\u00e9rences juridiques :\u00a0<span style=\"font-family: inherit; font-size: inherit; font-style: inherit; font-variant-ligatures: inherit; font-variant-caps: inherit; font-weight: inherit;\">Code g\u00e9n\u00e9ral des imp\u00f4ts \u2014 <\/span><span class=\"s1\" style=\"font-family: inherit; font-size: inherit; font-style: inherit; font-variant-ligatures: inherit; font-variant-caps: inherit; font-weight: inherit;\"><b>articles 200 et 238 bis<\/b><\/span><\/p><h3><b>Comment contribuer ?<\/b><\/h3><p class=\"p1\">Vous pouvez soutenir le projet de plusieurs mani\u00e8res :<\/p><h4><b>Don libre<\/b><\/h4><p class=\"p1\">Vous choisissez librement le montant de votre contribution.<\/p><h4><b>Soutien r\u00e9gulier<\/b><\/h4><p class=\"p1\">Vous pouvez d\u00e9cider d\u2019apporter un soutien r\u00e9gulier afin d\u2019accompagner le d\u00e9veloppement du projet dans la dur\u00e9e.<\/p><h4><b>M\u00e9c\u00e9nat d\u2019entreprise<\/b><\/h4><p class=\"p1\">Les entreprises peuvent soutenir le projet dans le cadre de leur politique de m\u00e9c\u00e9nat culturel.<\/p><h3><b>Reconnaissance des m\u00e9c\u00e8nes<\/b><\/h3><p class=\"p1\">Les m\u00e9c\u00e8nes qui le souhaitent peuvent :<\/p><ul><li><p class=\"p1\">\u00eatre mentionn\u00e9s dans la page <span class=\"s1\"><b>remerciements<\/b><\/span> du site<\/p><\/li><li><p class=\"p1\">\u00eatre inform\u00e9s de l\u2019avanc\u00e9e du projet<\/p><\/li><li><p class=\"p1\">recevoir des nouvelles sur les cr\u00e9ations et publications<\/p><\/li><\/ul><p class=\"p1\">Ces \u00e9l\u00e9ments constituent <span class=\"s1\"><b>des marques de reconnaissance symboliques<\/b><\/span> et ne repr\u00e9sentent pas une contrepartie commerciale.<\/p><h3><b>Transparence<\/b><\/h3><p class=\"p1\">Les contributions re\u00e7ues sont utilis\u00e9es pour :<\/p><ul><li><p class=\"p1\">la cr\u00e9ation artistique<\/p><\/li><li><p class=\"p1\">la production et la diffusion de contenus<\/p><\/li><li><p class=\"p1\">la documentation et la transmission du travail<\/p><\/li><\/ul><p class=\"p1\">Un bilan des avanc\u00e9es du projet est r\u00e9guli\u00e8rement partag\u00e9 avec les soutiens.<\/p><h3><b>Faire un don<\/b><\/h3><p class=\"p1\">\ud83d\udc49 [Bouton \/ lien vers la plateforme de don]<\/p><h3><b>Remerciements<\/b><\/h3><p class=\"p1\">Chaque contribution, quelle que soit son importance, participe \u00e0 faire vivre ce projet.<\/p><p class=\"p1\">Merci pour votre confiance et votre soutien.<\/p>\t\t\t\t\t\t\t\t<\/div>\n\t\t\t\t\t<\/div>\n\t\t\t\t<\/div>\n\t\t\t\t<\/div>\n\t\t","protected":false},"excerpt":{"rendered":"<p>Soutenir le projet \u2014 M\u00e9c\u00e9nat Pourquoi soutenir ce projet ? Ce projet artistique et p\u00e9dagogique s\u2019inscrit dans une d\u00e9marche de cr\u00e9ation, de recherche et de transmission. Il vise \u00e0 partager [&hellip;]<\/p>\n","protected":false},"author":1,"featured_media":0,"parent":0,"menu_order":0,"comment_status":"closed","ping_status":"closed","template":"","meta":{"_acf_changed":false,"footnotes":""},"class_list":["post-48","page","type-page","status-publish","hentry"],"blocksy_meta":[],"acf":[],"_links":{"self":[{"href":"https:\/\/mmalik.timanzeldigital.com\/malik-test\/index.php\/wp-json\/wp\/v2\/pages\/48","targetHints":{"allow":["GET"]}}],"collection":[{"href":"https:\/\/mmalik.timanzeldigital.com\/malik-test\/index.php\/wp-json\/wp\/v2\/pages"}],"about":[{"href":"https:\/\/mmalik.timanzeldigital.com\/malik-test\/index.php\/wp-json\/wp\/v2\/types\/page"}],"author":[{"embeddable":true,"href":"https:\/\/mmalik.timanzeldigital.com\/malik-test\/index.php\/wp-json\/wp\/v2\/users\/1"}],"replies":[{"embeddable":true,"href":"https:\/\/mmalik.timanzeldigital.com\/malik-test\/index.php\/wp-json\/wp\/v2\/comments?post=48"}],"version-history":[{"count":10,"href":"https:\/\/mmalik.timanzeldigital.com\/malik-test\/index.php\/wp-json\/wp\/v2\/pages\/48\/revisions"}],"predecessor-version":[{"id":365,"href":"https:\/\/mmalik.timanzeldigital.com\/malik-test\/index.php\/wp-json\/wp\/v2\/pages\/48\/revisions\/365"}],"wp:attachment":[{"href":"https:\/\/mmalik.timanzeldigital.com\/malik-test\/index.php\/wp-json\/wp\/v2\/media?parent=48"}],"curies":[{"name":"wp","href":"https:\/\/api.w.org\/{rel}","templated":true}]}}